{"id":3734,"date":"2025-03-01T13:21:57","date_gmt":"2025-03-01T13:21:57","guid":{"rendered":"http:\/\/madameflihan.com\/?post_type=artist&#038;p=3734"},"modified":"2025-03-01T13:21:57","modified_gmt":"2025-03-01T13:21:57","slug":"francisco-mir-belenguer","status":"publish","type":"artist","link":"https:\/\/madameflihan.com\/es\/artist\/francisco-mir-belenguer\/","title":{"rendered":"Francisco Mir Belenguer"},"content":{"rendered":"<p>Francisco Mir Belenguer (1934-2023) naci\u00f3 en Benim\u00e0met, Valencia. Su infancia estuvo marcada por las penurias de la Espa\u00f1a posterior a la Guerra Civil, en el seno de una familia obrera. Durante unos dos a\u00f1os, su familia vivi\u00f3 en un granero sin agua ni electricidad, una imagen que Mir Belenguer recuerda v\u00edvidamente y que m\u00e1s tarde plasm\u00f3 en uno de sus cuadros. Su andadura art\u00edstica comenz\u00f3 a la temprana edad de nueve a\u00f1os, mostrando un talento natural para el dibujo, como demuestra su primera obra, \"Descenso de la cruz de Jes\u00fas\". A los diez a\u00f1os, animado por su maestro, don Alberto Luz, pint\u00f3 su primera obra, una imagen de la iglesia de San Vicente M\u00e1rtir. A pesar de las dificultades econ\u00f3micas, en 1946 se matricul\u00f3 en la Escuela de Artes y Oficios de Burjassot, Valencia, donde estudi\u00f3 hasta 1952. Su formaci\u00f3n art\u00edstica autodidacta continu\u00f3 a trav\u00e9s de una extensa biblioteca sobre arte, que estudi\u00f3 meticulosamente, solidificando su identidad de pintor autodidacta.<\/p>\n<p>Su carrera art\u00edstica comenz\u00f3 en 1958, cuando empez\u00f3 a exponer en el C\u00edrculo de Bellas Artes de Valencia, mostrando inicialmente su estilo impresionista. Con el paso de los a\u00f1os, su arte evolucion\u00f3, abarcando estilos figurativos, abstractos y, finalmente, realistas m\u00e1s disciplinados a partir de 1975. Su obra se adentra en el realismo social y los temas urbanos, reflejo de su conexi\u00f3n personal con el mundo que le rodea. Enfatizaba la importancia de expresar calidad y valor est\u00e9tico, independientemente del estilo. Conocido por su fascinaci\u00f3n por el color, Mir Belenguer trabaj\u00f3 a menudo con paletas grises tonales, incorporando todos los colores primarios. Su trayectoria como artista incluy\u00f3 la participaci\u00f3n en diversos concursos nacionales y regionales, donde se gan\u00f3 una respetada reputaci\u00f3n, obteniendo numerosos premios y convirti\u00e9ndose en una figura destacada de la escena art\u00edstica espa\u00f1ola.<\/p>\n<p>A lo largo de su carrera, Francisco Mir Belenguer ha participado en numerosas exposiciones tanto individuales como colectivas por toda Espa\u00f1a. Sus exposiciones individuales se han celebrado en varias ciudades, como Valencia, Madrid, Bilbao y Barcelona. Sus obras se encuentran en numerosas instituciones p\u00fablicas, como el Museo de Villafam\u00e9s de Castell\u00f3n, el Museo de Le\u00f3n y la Casa Museo de Pego en Alicante. Adem\u00e1s, sus obras se encuentran en administraciones locales y colecciones de toda Espa\u00f1a, como las de Barcelona, Castell\u00f3n, Teruel y Paterna. Su obra ha sido expuesta en m\u00faltiples colecciones internacionales en pa\u00edses como Alemania, Inglaterra y Latinoam\u00e9rica. Entre los numerosos galardones que ha recibido Mir Belenguer se incluyen los m\u00e1ximos honores en concursos nacionales de arte y prestigiosos reconocimientos, como la Medalla de Honor del Premio BMW en 1991 y varios primeros premios en sus primeros a\u00f1os. Su legado contin\u00faa a trav\u00e9s de su arte y sus exposiciones, consolid\u00e1ndolo como una figura significativa en la historia del arte contempor\u00e1neo espa\u00f1ol.<\/p>","protected":false},"featured_media":3735,"parent":0,"template":"","meta":{"_acf_changed":false,"_et_pb_use_builder":"","_et_pb_old_content":"","_et_gb_content_width":""},"artist-type":[80,74],"class_list":["post-3734","artist","type-artist","status-publish","has-post-thumbnail","hentry","artist-type-deceased-artist","artist-type-established-artist"],"acf":[],"_links":{"self":[{"href":"https:\/\/madameflihan.com\/es\/wp-json\/wp\/v2\/artist\/3734","targetHints":{"allow":["GET"]}}],"collection":[{"href":"https:\/\/madameflihan.com\/es\/wp-json\/wp\/v2\/artist"}],"about":[{"href":"https:\/\/madameflihan.com\/es\/wp-json\/wp\/v2\/types\/artist"}],"wp:featuredmedia":[{"embeddable":true,"href":"https:\/\/madameflihan.com\/es\/wp-json\/wp\/v2\/media\/3735"}],"wp:attachment":[{"href":"https:\/\/madameflihan.com\/es\/wp-json\/wp\/v2\/media?parent=3734"}],"wp:term":[{"taxonomy":"artist-type","embeddable":true,"href":"https:\/\/madameflihan.com\/es\/wp-json\/wp\/v2\/artist-type?post=3734"}],"curies":[{"name":"wp","href":"https:\/\/api.w.org\/{rel}","templated":true}]}}