{"id":3531,"date":"2025-02-14T17:27:10","date_gmt":"2025-02-14T17:27:10","guid":{"rendered":"http:\/\/madameflihan.com\/?post_type=product&#038;p=3531"},"modified":"2025-09-05T11:52:24","modified_gmt":"2025-09-05T11:52:24","slug":"esencia-fragmentada-3","status":"publish","type":"product","link":"https:\/\/madameflihan.com\/es\/product\/fragmented-essence-2\/","title":{"rendered":"Esencia fragmentada"},"content":{"rendered":"<p>Este \u00f3leo sobre tabla de 1927 de Dion\u00eds Baixeras i Verdaguer invita al espectador a reflexionar sobre la naturaleza \u00edntima e inacabada de la forma humana. La representaci\u00f3n de la mujer aparece intencionadamente incompleta, dejando ciertos detalles abiertos a la interpretaci\u00f3n. Este sentido deliberado de lo incompleto podr\u00eda verse como un reflejo de la exploraci\u00f3n m\u00e1s profunda de Baixeras de la experiencia humana, donde la perfecci\u00f3n no es el objetivo, sino m\u00e1s bien capturar la esencia y la emoci\u00f3n detr\u00e1s del sujeto. De este modo, Baixeras crea una conmovedora tensi\u00f3n entre lo visible y lo oculto, invitando al espectador a contemplar lo que queda sin decir.<\/p>","protected":false},"excerpt":{"rendered":"<p>Este \u00f3leo sobre tabla de 1927 de Dion\u00eds Baixeras i Verdaguer capta la esencia de la forma humana en un estado intencionadamente inacabado, invitando a la reflexi\u00f3n sobre la imperfecci\u00f3n y la profundidad emocional inherentes al tema.<\/p>","protected":false},"featured_media":3532,"comment_status":"open","ping_status":"closed","template":"","meta":{"_acf_changed":false,"_et_pb_use_builder":"","_et_pb_old_content":"","_et_gb_content_width":""},"product_brand":[],"product_cat":[43],"product_tag":[],"class_list":["post-3531","product","type-product","status-publish","has-post-thumbnail","product_cat-painting","pa_art-genre-fine-art","pa_art-movement-modernism","pa_availability-available-for-sale","pa_availability-available-for-viewing-by-appointment","pa_color-palette-earth-tones","pa_color-palette-multi-color","pa_color-palette-warm-tones","pa_cultural-origin-european","pa_exhibition-status-available-for-exhibition","pa_location-available-for-shipping-worldwide","pa_medium-oil-on-board","pa_size-medium-30-cm-100-cm","pa_special-features-includes-certificate-of-authenticity","pa_special-features-limited-edition","pa_special-features-one-of-a-kind","pa_special-features-signed-by-artist","pa_style-figurative","pa_style-modernism","pa_theme-figurative","pa_theme-portrait","first","instock","taxable","shipping-taxable","purchasable","product-type-simple"],"acf":[],"_links":{"self":[{"href":"https:\/\/madameflihan.com\/es\/wp-json\/wp\/v2\/product\/3531","targetHints":{"allow":["GET"]}}],"collection":[{"href":"https:\/\/madameflihan.com\/es\/wp-json\/wp\/v2\/product"}],"about":[{"href":"https:\/\/madameflihan.com\/es\/wp-json\/wp\/v2\/types\/product"}],"replies":[{"embeddable":true,"href":"https:\/\/madameflihan.com\/es\/wp-json\/wp\/v2\/comments?post=3531"}],"wp:featuredmedia":[{"embeddable":true,"href":"https:\/\/madameflihan.com\/es\/wp-json\/wp\/v2\/media\/3532"}],"wp:attachment":[{"href":"https:\/\/madameflihan.com\/es\/wp-json\/wp\/v2\/media?parent=3531"}],"wp:term":[{"taxonomy":"product_brand","embeddable":true,"href":"https:\/\/madameflihan.com\/es\/wp-json\/wp\/v2\/product_brand?post=3531"},{"taxonomy":"product_cat","embeddable":true,"href":"https:\/\/madameflihan.com\/es\/wp-json\/wp\/v2\/product_cat?post=3531"},{"taxonomy":"product_tag","embeddable":true,"href":"https:\/\/madameflihan.com\/es\/wp-json\/wp\/v2\/product_tag?post=3531"}],"curies":[{"name":"wp","href":"https:\/\/api.w.org\/{rel}","templated":true}]}}