{"id":1190,"date":"2025-01-11T12:36:56","date_gmt":"2025-01-11T11:36:56","guid":{"rendered":"http:\/\/madameflihan.com\/?post_type=artist&#038;p=1190"},"modified":"2025-01-11T12:36:56","modified_gmt":"2025-01-11T11:36:56","slug":"angel-planells","status":"publish","type":"artist","link":"https:\/\/madameflihan.com\/pt\/artist\/angel-planells\/","title":{"rendered":"\u00c1ngel Planells"},"content":{"rendered":"<p>\u00c1ngel Planells (1911-1989) foi um artista catal\u00e3o, reconhecido como um mestre da litografia e da gravura, e uma figura proeminente da escola Emporda do Surrealismo. Nascido em Cadaqu\u00e9s, cresceu rodeado pela beleza natural da costa catal\u00e3, que influenciou grandemente o seu trabalho. Planells desenvolveu uma amizade precoce com Salvador Dal\u00ed, que teve um impacto duradouro na sua vis\u00e3o art\u00edstica. Mais tarde, estabeleceu rela\u00e7\u00f5es com outros artistas surrealistas not\u00e1veis, incluindo Ren\u00e9 Magritte, moldando ainda mais o seu estilo distinto. Apesar da sua natureza introvertida, Planells dedicou a sua vida \u00e0 pintura, com uma paix\u00e3o particular pelo surrealismo e pela utiliza\u00e7\u00e3o da \u00e1gua e do mar nas suas obras.<\/p>\n<p>A carreira art\u00edstica de Planells estendeu-se por v\u00e1rias d\u00e9cadas, come\u00e7ando com os seus estudos em Barcelona em 1918, onde se formou em pintura, litografia e gravura. Participou nas suas primeiras exposi\u00e7\u00f5es colectivas no final da d\u00e9cada de 1920 e teve a sua primeira exposi\u00e7\u00e3o individual em 1930. Ao longo da d\u00e9cada de 1930, Planells tornou-se parte integrante do movimento surrealista, juntando-se ao grupo Logicofobista e apresentando as suas obras em exposi\u00e7\u00f5es importantes, como a Exposi\u00e7\u00e3o Surrealista Internacional de Londres, em 1936. No entanto, a Guerra Civil Espanhola e a ascens\u00e3o do regime de Franco for\u00e7aram um hiato nas suas obras surrealistas. Durante este per\u00edodo, Planells passou a dedicar-se \u00e0 cria\u00e7\u00e3o de paisagens e naturezas mortas. Na d\u00e9cada de 1960, regressou ao surrealismo, reinterpretando temas anteriores com uma perspetiva renovada.<\/p>\n<p>Embora Planells tenha permanecido uma figura relativamente privada e introvertida, as suas obras foram reconhecidas em v\u00e1rias exposi\u00e7\u00f5es significativas, incluindo no Museu Estatal Hermitage, na R\u00fassia, em 2016, como parte de uma retrospetiva sobre o Surrealismo na Catalunha. As suas pe\u00e7as foram exibidas em galerias de toda a Espanha e a n\u00edvel internacional e, apesar de ter sido ofuscado por Dal\u00ed durante muito tempo, o trabalho de Planells tem vindo a ser cada vez mais reconhecido pela sua originalidade e profundidade. As suas contribui\u00e7\u00f5es para o surrealismo, particularmente no contexto da Catalunha, continuam a ser uma parte essencial da hist\u00f3ria da arte espanhola, com um interesse cont\u00ednuo nas suas pinturas evidente em v\u00e1rias exposi\u00e7\u00f5es e colec\u00e7\u00f5es.<\/p>","protected":false},"featured_media":1191,"parent":0,"template":"","meta":{"_acf_changed":false,"_et_pb_use_builder":"","_et_pb_old_content":"","_et_gb_content_width":""},"artist-type":[80,74],"class_list":["post-1190","artist","type-artist","status-publish","has-post-thumbnail","hentry","artist-type-deceased-artist","artist-type-established-artist"],"acf":[],"_links":{"self":[{"href":"https:\/\/madameflihan.com\/pt\/wp-json\/wp\/v2\/artist\/1190","targetHints":{"allow":["GET"]}}],"collection":[{"href":"https:\/\/madameflihan.com\/pt\/wp-json\/wp\/v2\/artist"}],"about":[{"href":"https:\/\/madameflihan.com\/pt\/wp-json\/wp\/v2\/types\/artist"}],"wp:featuredmedia":[{"embeddable":true,"href":"https:\/\/madameflihan.com\/pt\/wp-json\/wp\/v2\/media\/1191"}],"wp:attachment":[{"href":"https:\/\/madameflihan.com\/pt\/wp-json\/wp\/v2\/media?parent=1190"}],"wp:term":[{"taxonomy":"artist-type","embeddable":true,"href":"https:\/\/madameflihan.com\/pt\/wp-json\/wp\/v2\/artist-type?post=1190"}],"curies":[{"name":"wp","href":"https:\/\/api.w.org\/{rel}","templated":true}]}}