{"id":3179,"date":"2025-02-05T16:15:22","date_gmt":"2025-02-05T16:15:22","guid":{"rendered":"http:\/\/madameflihan.com\/?post_type=artist&#038;p=3179"},"modified":"2025-02-05T16:15:22","modified_gmt":"2025-02-05T16:15:22","slug":"ramon-estalella-pujola","status":"publish","type":"artist","link":"https:\/\/madameflihan.com\/pt\/artist\/ramon-estalella-pujola\/","title":{"rendered":"Ram\u00f3n Estalella Pujol\u00e1"},"content":{"rendered":"<p>Ram\u00f3n Estalella Pujol\u00e1 (1893-1986) nasceu em Madrid com nacionalidade cubana, devido \u00e0 ascend\u00eancia cubana do seu pai. A sua inf\u00e2ncia foi marcada por uma profunda paix\u00e3o pelo desenho e pela pintura, que cultivou sob a orienta\u00e7\u00e3o de professores not\u00e1veis como Eduardo Chicharro e Jos\u00e9 Mar\u00eda L\u00f3pez Mezquita. Durante a sua juventude, Estalella conciliou as suas actividades art\u00edsticas com os estudos de Direito na Universidade Central de Madrid. Para al\u00e9m da sua carreira art\u00edstica, Estalella trabalhou no servi\u00e7o diplom\u00e1tico cubano, tornando-se chanceler da Embaixada de Cuba em Madrid. Tinha bons contactos nos c\u00edrculos intelectuais e desenvolveu amizades duradouras com figuras proeminentes como Salvador Dal\u00ed, Joaqu\u00edn Sorolla e Federico Garc\u00eda Lorca.<\/p>\n<p>O seu percurso art\u00edstico come\u00e7ou em Espanha, onde se formou com influentes pintores espanh\u00f3is, antes de regressar a Cuba em 1925. A\u00ed, ganhou um reconhecimento significativo com uma grande exposi\u00e7\u00e3o que foi amplamente coberta pela imprensa cubana. O seu trabalho abrange uma s\u00e9rie de g\u00e9neros, incluindo o retrato e a paisagem, com uma aten\u00e7\u00e3o especial aos detalhes e um profundo envolvimento com a luz. Estalella foi tamb\u00e9m ativo nas comunidades art\u00edsticas de Espanha e Cuba, contribuindo frequentemente com desenhos para as principais publica\u00e7\u00f5es espanholas e cubanas, como ABC, La Esfera e Blanco y Negro. A sua participa\u00e7\u00e3o em exposi\u00e7\u00f5es colectivas ao longo da d\u00e9cada de 1930 solidificou a sua reputa\u00e7\u00e3o como um artista competente e respeitado do seu tempo.<\/p>\n<p>A arte de Estalella foi regularmente apresentada em publica\u00e7\u00f5es cubanas e espanholas e ele participou em numerosas exposi\u00e7\u00f5es colectivas durante a d\u00e9cada de 1930. Embora os pormenores relativos \u00e0s suas exposi\u00e7\u00f5es e pr\u00e9mios estejam menos documentados, a sua presen\u00e7a proeminente no mundo da arte durante esse per\u00edodo, juntamente com as suas amizades com intelectuais e artistas de renome, garantiu que as suas obras fossem celebradas no seio da comunidade art\u00edstica de l\u00edngua espanhola. A sua grande exposi\u00e7\u00e3o em Cuba, em 1925, constituiu um marco significativo, tendo atra\u00eddo a aten\u00e7\u00e3o de todos e solidificado ainda mais o seu legado art\u00edstico.<\/p>","protected":false},"featured_media":0,"parent":0,"template":"","meta":{"_acf_changed":false,"_et_pb_use_builder":"","_et_pb_old_content":"","_et_gb_content_width":""},"artist-type":[80,74],"class_list":["post-3179","artist","type-artist","status-publish","hentry","artist-type-deceased-artist","artist-type-established-artist"],"acf":[],"_links":{"self":[{"href":"https:\/\/madameflihan.com\/pt\/wp-json\/wp\/v2\/artist\/3179","targetHints":{"allow":["GET"]}}],"collection":[{"href":"https:\/\/madameflihan.com\/pt\/wp-json\/wp\/v2\/artist"}],"about":[{"href":"https:\/\/madameflihan.com\/pt\/wp-json\/wp\/v2\/types\/artist"}],"wp:attachment":[{"href":"https:\/\/madameflihan.com\/pt\/wp-json\/wp\/v2\/media?parent=3179"}],"wp:term":[{"taxonomy":"artist-type","embeddable":true,"href":"https:\/\/madameflihan.com\/pt\/wp-json\/wp\/v2\/artist-type?post=3179"}],"curies":[{"name":"wp","href":"https:\/\/api.w.org\/{rel}","templated":true}]}}