{"id":660,"date":"2024-12-07T11:53:33","date_gmt":"2024-12-07T10:53:33","guid":{"rendered":"http:\/\/madameflihan.com\/?post_type=artist&#038;p=660"},"modified":"2025-03-04T18:18:46","modified_gmt":"2025-03-04T18:18:46","slug":"jose-manuel-broto","status":"publish","type":"artist","link":"https:\/\/madameflihan.com\/pt\/artist\/jose-manuel-broto\/","title":{"rendered":"Jos\u00e9 Manuel Broto"},"content":{"rendered":"<p>Jos\u00e9 Manuel Broto Gimeno (1949), nascido em Sarago\u00e7a, Espanha, \u00e9 um artista contempor\u00e2neo muito influente, conhecido pelo seu trabalho pioneiro na arte abstrata. Iniciou os seus estudos formais na Escuela de Artes y Oficios de Zaragoza, onde as suas ambi\u00e7\u00f5es art\u00edsticas se enraizaram. Em 1972, mudou-se para Barcelona, onde foi cofundador do Grupo Trama, um coletivo de artistas com ra\u00edzes no marxismo e na psican\u00e1lise. O grupo inspirou-se no movimento franc\u00eas Suport Surface e aprofundou teoricamente o trabalho de Broto, levando-o a articular e defender a sua vis\u00e3o art\u00edstica de forma mais assertiva.<\/p>\n<p>O trabalho do artista incorpora uma abordagem vibrante e intelectual \u00e0 abstra\u00e7\u00e3o, com a cor como elemento central para provocar respostas emocionais. A sua t\u00e9cnica inclui pinceladas largas e irregulares e, ocasionalmente, efeitos de gotejamento, que acrescentam camadas de espontaneidade e experimenta\u00e7\u00e3o. As formas geom\u00e9tricas aparecem frequentemente nas suas composi\u00e7\u00f5es, misturando-se com pinceladas expressivas para criar uma sensa\u00e7\u00e3o din\u00e2mica de movimento e emo\u00e7\u00e3o. Profundamente influenciado pela m\u00fasica, Broto procura evocar no seu p\u00fablico as mesmas reac\u00e7\u00f5es viscerais que a m\u00fasica pode inspirar, utilizando o ritmo e a melodia como ferramentas conceptuais nas suas pinturas.<\/p>\n<p>Broto exp\u00f4s nos principais centros culturais de todo o mundo, incluindo Nova Iorque, T\u00f3quio, Amesterd\u00e3o e Hels\u00ednquia, estabelecendo a sua presen\u00e7a muito para al\u00e9m de Espanha. Aclamado pela cr\u00edtica e reconhecido pelas principais institui\u00e7\u00f5es e publica\u00e7\u00f5es, a sua carreira, particularmente atrav\u00e9s do Grupo Trama, teve um impacto significativo na cena art\u00edstica de vanguarda, promovendo o rigor intelectual na pintura espanhola contempor\u00e2nea. Entre as suas not\u00e1veis exposi\u00e7\u00f5es individuais, destacam-se a retrospetiva de Broto no Museo Reina Sof\u00eda (Madrid, 1996) e a exposi\u00e7\u00e3o itinerante Broto. Rever, organizada pela Dire\u00e7\u00e3o Geral das Rela\u00e7\u00f5es Culturais e Cient\u00edficas do Minist\u00e9rio dos Neg\u00f3cios Estrangeiros de Espanha (Chile, M\u00e9xico e Montevideu, 2004).<\/p>\n<p>Participou tamb\u00e9m em prestigiadas exposi\u00e7\u00f5es colectivas, incluindo exposi\u00e7\u00f5es no Museu Reina Sof\u00eda e no Museu d'Art Contemporani de Barcelona (MACBA). As suas obras foram inclu\u00eddas em grandes bienais, como a Bienal Internacional de Veneza e a Bienal de Istambul. A influ\u00eancia de Broto valeu-lhe v\u00e1rios pr\u00e9mios, incluindo o Gran Premio del Salon de Montrouge (Fran\u00e7a, 1988), o Premio Nacional de Artes Pl\u00e1sticas (1995) e o Premio ARCO da Asociaci\u00f3n de Cr\u00edticos (1997). A sua obra continua a repercutir-se no panorama art\u00edstico mundial, refor\u00e7ando o seu papel como figura proeminente da arte contempor\u00e2nea.<\/p>","protected":false},"featured_media":661,"parent":0,"template":"","meta":{"_acf_changed":false,"_et_pb_use_builder":"","_et_pb_old_content":"","_et_gb_content_width":""},"artist-type":[74,76],"class_list":["post-660","artist","type-artist","status-publish","has-post-thumbnail","hentry","artist-type-established-artist","artist-type-living-artist"],"acf":[],"_links":{"self":[{"href":"https:\/\/madameflihan.com\/pt\/wp-json\/wp\/v2\/artist\/660","targetHints":{"allow":["GET"]}}],"collection":[{"href":"https:\/\/madameflihan.com\/pt\/wp-json\/wp\/v2\/artist"}],"about":[{"href":"https:\/\/madameflihan.com\/pt\/wp-json\/wp\/v2\/types\/artist"}],"wp:featuredmedia":[{"embeddable":true,"href":"https:\/\/madameflihan.com\/pt\/wp-json\/wp\/v2\/media\/661"}],"wp:attachment":[{"href":"https:\/\/madameflihan.com\/pt\/wp-json\/wp\/v2\/media?parent=660"}],"wp:term":[{"taxonomy":"artist-type","embeddable":true,"href":"https:\/\/madameflihan.com\/pt\/wp-json\/wp\/v2\/artist-type?post=660"}],"curies":[{"name":"wp","href":"https:\/\/api.w.org\/{rel}","templated":true}]}}